

{"id":16313,"date":"2025-01-29T17:06:52","date_gmt":"2025-01-29T16:06:52","guid":{"rendered":"https:\/\/neu.luwianstudies.org\/luviler-bugun-neden-onemli\/"},"modified":"2025-03-16T17:27:21","modified_gmt":"2025-03-16T16:27:21","slug":"luviler-bugun-neden-onemli","status":"publish","type":"page","link":"https:\/\/luwianstudies.org\/tr\/kultur\/luviler-bugun-neden-onemli\/","title":{"rendered":"Luviler Bug\u00fcn Neden \u00d6nemli?"},"content":{"rendered":"\t\t<div data-elementor-type=\"wp-page\" data-elementor-id=\"16313\" class=\"elementor elementor-16313 elementor-9675\" data-elementor-post-type=\"page\">\n\t\t\t\t<div class=\"elementor-element elementor-element-dcf629e animated-slow ken_b_center e-flex e-con-boxed e-con e-parent\" data-id=\"dcf629e\" data-element_type=\"container\" data-e-type=\"container\" data-settings=\"{&quot;jet_parallax_layout_list&quot;:[],&quot;background_background&quot;:&quot;classic&quot;,&quot;animation&quot;:&quot;none&quot;}\">\n\t\t\t\t\t<div class=\"e-con-inner\">\n\t\t<div class=\"elementor-element elementor-element-ef90d82 e-con-full e-flex e-con e-child\" data-id=\"ef90d82\" data-element_type=\"container\" data-e-type=\"container\" data-settings=\"{&quot;jet_parallax_layout_list&quot;:[]}\">\n\t\t<div class=\"elementor-element elementor-element-6babb3c e-con-full e-flex e-con e-child\" data-id=\"6babb3c\" data-element_type=\"container\" data-e-type=\"container\" data-settings=\"{&quot;jet_parallax_layout_list&quot;:[]}\">\n\t\t\t\t<div class=\"elementor-element elementor-element-82b3071 elementor-widget elementor-widget-heading\" data-id=\"82b3071\" data-element_type=\"widget\" data-e-type=\"widget\" data-widget_type=\"heading.default\">\n\t\t\t\t<div class=\"elementor-widget-container\">\n\t\t\t\t\t<h1 class=\"elementor-heading-title elementor-size-default\">Luviler Bug\u00fcn Neden \u00d6nemli?<\/h1>\t\t\t\t<\/div>\n\t\t\t\t<\/div>\n\t\t\t\t<div class=\"elementor-element elementor-element-fa65bdf elementor-widget elementor-widget-heading\" data-id=\"fa65bdf\" data-element_type=\"widget\" data-e-type=\"widget\" data-widget_type=\"heading.default\">\n\t\t\t\t<div class=\"elementor-widget-container\">\n\t\t\t\t\t<h2 class=\"elementor-heading-title elementor-size-default\">Tun\u00e7 \u00c7a\u011f\u0131\u2019n\u0131n Anlat\u0131s\u0131n\u0131 Yeniden Yazmak<\/h2>\t\t\t\t<\/div>\n\t\t\t\t<\/div>\n\t\t\t\t<\/div>\n\t\t\t\t<\/div>\n\t\t\t\t\t<\/div>\n\t\t\t\t<\/div>\n\t\t<div class=\"elementor-element elementor-element-28e44e5 e-flex e-con-boxed e-con e-child\" data-id=\"28e44e5\" data-element_type=\"container\" data-e-type=\"container\" data-settings=\"{&quot;jet_parallax_layout_list&quot;:[]}\">\n\t\t\t\t\t<div class=\"e-con-inner\">\n\t\t\t\t<div class=\"elementor-element elementor-element-9512f13 elementor-widget elementor-widget-text-editor\" data-id=\"9512f13\" data-element_type=\"widget\" data-e-type=\"widget\" data-widget_type=\"text-editor.default\">\n\t\t\t\t<div class=\"elementor-widget-container\">\n\t\t\t\t\t\t\t\t\t<p>K\u0131br\u0131sl\u0131 bir amiral M\u00d6 1192 civar\u0131nda, Limyra liman\u0131nda, Enkomi kral\u0131na g\u00f6nderece\u011fi mektubu yazd\u0131r\u0131yor (sanat\u00e7\u0131 Joe Rohrer\u2019in rekonstr\u00fcks\u00fcyonu \u00a9 Luwian Studies #0313) <\/p>\t\t\t\t\t\t\t\t<\/div>\n\t\t\t\t<\/div>\n\t\t\t\t\t<\/div>\n\t\t\t\t<\/div>\n\t\t<div class=\"elementor-element elementor-element-4ec6b70 e-flex e-con-boxed e-con e-parent\" data-id=\"4ec6b70\" data-element_type=\"container\" data-e-type=\"container\" data-settings=\"{&quot;jet_parallax_layout_list&quot;:[]}\">\n\t\t\t\t\t<div class=\"e-con-inner\">\n\t\t\t\t<div class=\"elementor-element elementor-element-c24e24a elementor-widget elementor-widget-heading\" data-id=\"c24e24a\" data-element_type=\"widget\" data-e-type=\"widget\" data-widget_type=\"heading.default\">\n\t\t\t\t<div class=\"elementor-widget-container\">\n\t\t\t\t\t<h3 class=\"elementor-heading-title elementor-size-default\">Luviler Uzun S\u00fcre G\u00f6z Ard\u0131 Edildi<\/h3>\t\t\t\t<\/div>\n\t\t\t\t<\/div>\n\t\t\t\t<div class=\"elementor-element elementor-element-e49392e elementor-drop-cap-yes elementor-drop-cap-view-default elementor-widget elementor-widget-text-editor\" data-id=\"e49392e\" data-element_type=\"widget\" data-e-type=\"widget\" data-settings=\"{&quot;drop_cap&quot;:&quot;yes&quot;}\" data-widget_type=\"text-editor.default\">\n\t\t\t\t<div class=\"elementor-widget-container\">\n\t\t\t\t\t\t\t\t\t<p>Luviler modern akademik \u00e7al\u0131\u015fmalarda, uzun s\u00fcre boyunca daha iyi belgelenmi\u015f kom\u015fular\u0131 olan Hititler ve Mikenler taraf\u0131ndan g\u00f6lgede b\u0131rak\u0131lm\u0131\u015ft\u0131r. Bu ihmalin ba\u015fl\u0131ca nedeni, Bat\u0131 Avrupal\u0131 arkeologlar taraf\u0131ndan Tun\u00e7 \u00c7a\u011f\u0131 yerle\u015fimlerinde geni\u015f \u00e7apl\u0131 kaz\u0131lar\u0131n yap\u0131lmam\u0131\u015f olmas\u0131d\u0131r. B\u00fcy\u00fck \u00f6l\u00e7ekli kaz\u0131lar olmadan, mevcut kan\u0131tlar eksik kalm\u0131\u015f, kaynaklar par\u00e7al\u0131 bir \u015fekilde g\u00fcn\u00fcm\u00fcze ula\u015fm\u0131\u015f ve bir\u00e7ok bilgi yaln\u0131zca dolayl\u0131 yoldan aktar\u0131lm\u0131\u015ft\u0131r. An\u0131tsal yaz\u0131tlar\u0131n azl\u0131\u011f\u0131 ve en \u00f6nemlisi de ara\u015ft\u0131r\u0131lm\u0131\u015f kraliyet konutlar\u0131 ile belge ar\u015fivlerinin eksikli\u011fi, Luvilere ili\u015fkin kapsaml\u0131 bir tarih anlat\u0131s\u0131 olu\u015fturmay\u0131 zorla\u015ft\u0131rm\u0131\u015ft\u0131r.   <\/p><p>Ancak, son birka\u00e7 on y\u0131lda yap\u0131lan arkeolojik ve dilbilimsel ara\u015ft\u0131rmalar, Luvilerin Do\u011fu Akdeniz\u2019in k\u00fclt\u00fcrel ve siyasi dinamiklerindeki \u00f6nemli rol\u00fcn\u00fc giderek daha fazla ortaya koymaktad\u0131r. Bu yeni bulgular, ders kitaplar\u0131ndaki bilgileri tamamlamakta ve Ge\u00e7 Tun\u00e7 \u00c7a\u011f\u0131\u2019na dair uzun s\u00fcredir yerle\u015fmi\u015f anlat\u0131lara meydan okumaktad\u0131r. Bu geli\u015fmeler, Yunan etkisi \u00f6ncesinde Anadolu\u2019nun sahip oldu\u011fu karma\u015f\u0131kl\u0131\u011f\u0131n yeniden de\u011ferlendirilmesini zorunlu k\u0131lmaktad\u0131r. Art\u0131k Luviler marjinal bir unsur olarak g\u00f6r\u00fclmemelidir \u2014 onlar\u0131n b\u00f6lge tarihinin belirleyici akt\u00f6rlerinden biri olduklar\u0131 a\u00e7\u0131kt\u0131r.   <\/p>\t\t\t\t\t\t\t\t<\/div>\n\t\t\t\t<\/div>\n\t\t\t\t\t<\/div>\n\t\t\t\t<\/div>\n\t\t<div class=\"elementor-element elementor-element-bdd5b9b e-flex e-con-boxed e-con e-parent\" data-id=\"bdd5b9b\" data-element_type=\"container\" data-e-type=\"container\" data-settings=\"{&quot;jet_parallax_layout_list&quot;:[]}\">\n\t\t\t\t\t<div class=\"e-con-inner\">\n\t\t<div class=\"elementor-element elementor-element-d8285e1 e-con-full e-flex e-con e-child\" data-id=\"d8285e1\" data-element_type=\"container\" data-e-type=\"container\" data-settings=\"{&quot;jet_parallax_layout_list&quot;:[]}\">\n\t\t<div class=\"elementor-element elementor-element-32ac308 e-con-full e-flex e-con e-child\" data-id=\"32ac308\" data-element_type=\"container\" data-e-type=\"container\" data-settings=\"{&quot;jet_parallax_layout_list&quot;:[]}\">\n\t\t\t\t<div class=\"elementor-element elementor-element-08cd11c elementor-widget elementor-widget-text-editor\" data-id=\"08cd11c\" data-element_type=\"widget\" data-e-type=\"widget\" data-widget_type=\"text-editor.default\">\n\t\t\t\t<div class=\"elementor-widget-container\">\n\t\t\t\t\t\t\t\t\t<p>Do\u011fu Akdeniz\u2019deki yaz\u0131 sistemlerini \u015fematik olarak g\u00f6steren bu temsil, Luvi hiyeroglif yaz\u0131s\u0131n\u0131n (k\u0131rm\u0131z\u0131) M\u00d6 2. biny\u0131ldaki merkezi rol\u00fcn\u00fc vurgulamaktad\u0131r. (\u00a9 Luwian Studies #0146)<\/p>\t\t\t\t\t\t\t\t<\/div>\n\t\t\t\t<\/div>\n\t\t\t\t<\/div>\n\t\t<div class=\"elementor-element elementor-element-4484d3c e-con-full e-flex e-con e-child\" data-id=\"4484d3c\" data-element_type=\"container\" data-e-type=\"container\" data-settings=\"{&quot;jet_parallax_layout_list&quot;:[]}\">\n\t\t\t\t<div class=\"elementor-element elementor-element-ea7f157 elementor-widget elementor-widget-image\" data-id=\"ea7f157\" data-element_type=\"widget\" data-e-type=\"widget\" data-widget_type=\"image.default\">\n\t\t\t\t<div class=\"elementor-widget-container\">\n\t\t\t\t\t\t\t\t\t\t\t\t\t\t\t\t<a href=\"https:\/\/luwianstudies.org\/wp-content\/uploads\/0146_Origin_of_Writing_TR.webp\" data-elementor-open-lightbox=\"yes\" data-elementor-lightbox-description=\"Do\u011fu Akdeniz\u2019deki yaz\u0131 sistemlerini \u015fematik olarak g\u00f6steren bu temsil, Luvi hiyeroglif yaz\u0131s\u0131n\u0131n (k\u0131rm\u0131z\u0131) M\u00d6 2. biny\u0131ldaki merkezi rol\u00fcn\u00fc vurgulamaktad\u0131r. (\u00a9 Luwian Studies #0146)\" data-e-action-hash=\"#elementor-action%3Aaction%3Dlightbox%26settings%3DeyJpZCI6MTYxMDcsInVybCI6Imh0dHBzOlwvXC9sdXdpYW5zdHVkaWVzLm9yZ1wvd3AtY29udGVudFwvdXBsb2Fkc1wvMDE0Nl9PcmlnaW5fb2ZfV3JpdGluZ19UUi53ZWJwIn0%3D\">\n\t\t\t\t\t\t\t<img fetchpriority=\"high\" decoding=\"async\" width=\"1920\" height=\"1071\" src=\"https:\/\/luwianstudies.org\/wp-content\/uploads\/0146_Origin_of_Writing_TR.webp\" class=\"attachment-large size-large wp-image-16107\" alt=\"\" srcset=\"https:\/\/luwianstudies.org\/wp-content\/uploads\/0146_Origin_of_Writing_TR.webp 1920w, https:\/\/luwianstudies.org\/wp-content\/uploads\/0146_Origin_of_Writing_TR-768x428.webp 768w, https:\/\/luwianstudies.org\/wp-content\/uploads\/0146_Origin_of_Writing_TR-1536x857.webp 1536w\" sizes=\"(max-width: 1920px) 100vw, 1920px\" \/>\t\t\t\t\t\t\t\t<\/a>\n\t\t\t\t\t\t\t\t\t\t\t\t\t\t\t<\/div>\n\t\t\t\t<\/div>\n\t\t\t\t<\/div>\n\t\t\t\t<\/div>\n\t\t\t\t\t<\/div>\n\t\t\t\t<\/div>\n\t\t<div class=\"elementor-element elementor-element-e39b390 e-flex e-con-boxed e-con e-parent\" data-id=\"e39b390\" data-element_type=\"container\" data-e-type=\"container\" data-settings=\"{&quot;jet_parallax_layout_list&quot;:[]}\">\n\t\t\t\t\t<div class=\"e-con-inner\">\n\t\t\t\t<div class=\"elementor-element elementor-element-cce1c9f elementor-widget elementor-widget-heading\" data-id=\"cce1c9f\" data-element_type=\"widget\" data-e-type=\"widget\" data-widget_type=\"heading.default\">\n\t\t\t\t<div class=\"elementor-widget-container\">\n\t\t\t\t\t<h3 class=\"elementor-heading-title elementor-size-default\">Tarihi Yeniden D\u00fc\u015f\u00fcnmek: Daha K\u00fc\u00e7\u00fck Toplumlar\u0131n \u00d6nemi<\/h3>\t\t\t\t<\/div>\n\t\t\t\t<\/div>\n\t\t\t\t<div class=\"elementor-element elementor-element-a4e9591 elementor-widget elementor-widget-text-editor\" data-id=\"a4e9591\" data-element_type=\"widget\" data-e-type=\"widget\" data-widget_type=\"text-editor.default\">\n\t\t\t\t<div class=\"elementor-widget-container\">\n\t\t\t\t\t\t\t\t\t<p>Bat\u0131 Anadolu\u2019daki M\u00d6 ikinci biny\u0131la ait yerle\u015fimlerde yap\u0131lan arkeolojik ara\u015ft\u0131rmalar h\u00e2l\u00e2 olduk\u00e7a s\u0131n\u0131rl\u0131d\u0131r. Ancak Luvi dili, sanat\u0131 ve dini uygulamalar\u0131, onlar\u0131n hem kendine \u00f6zg\u00fc bir k\u00fclt\u00fcre sahip oldu\u011funu hem de kom\u015fu halklarla yak\u0131n temas i\u00e7inde bulundu\u011funu g\u00f6stermektedir. Luvilerin miras\u0131 yaln\u0131zca daha sonraki Anadolu krall\u0131klar\u0131nda de\u011fil, ayn\u0131 zamanda b\u00f6lgenin genel k\u00fclt\u00fcrel geli\u015fiminde de a\u00e7\u0131k\u00e7a g\u00f6r\u00fclebilir.  <\/p>\t\t\t\t\t\t\t\t<\/div>\n\t\t\t\t<\/div>\n\t\t\t\t\t<\/div>\n\t\t\t\t<\/div>\n\t\t<div class=\"elementor-element elementor-element-94fb45a e-flex e-con-boxed e-con e-parent\" data-id=\"94fb45a\" data-element_type=\"container\" data-e-type=\"container\" data-settings=\"{&quot;jet_parallax_layout_list&quot;:[]}\">\n\t\t\t\t\t<div class=\"e-con-inner\">\n\t\t<div class=\"elementor-element elementor-element-fa64514 e-con-full e-flex e-con e-child\" data-id=\"fa64514\" data-element_type=\"container\" data-e-type=\"container\" data-settings=\"{&quot;jet_parallax_layout_list&quot;:[]}\">\n\t\t\t\t<div class=\"elementor-element elementor-element-ec79610 elementor-blockquote--skin-quotation elementor-blockquote--align-left elementor-widget__width-initial elementor-widget elementor-widget-blockquote\" data-id=\"ec79610\" data-element_type=\"widget\" data-e-type=\"widget\" data-widget_type=\"blockquote.default\">\n\t\t\t\t<div class=\"elementor-widget-container\">\n\t\t\t\t\t\t\t<blockquote class=\"elementor-blockquote\">\n\t\t\t<p class=\"elementor-blockquote__content\">\n\t\t\t\t\u0130mparatorluklar\u0131n\u0131n \u00e7\u00f6k\u00fc\u015f\u00fcnden sonra Hititler neden t\u00fcm\u00fcyle ortadan kayboldu? Oysa Luvi dili be\u015f y\u00fcz y\u0131l daha geli\u015fmeye devam etti.\t\t\t<\/p>\n\t\t\t\t\t\t\t<div class=\"e-q-footer\">\n\t\t\t\t\t\t\t\t\t\t\t<cite class=\"elementor-blockquote__author\">Itamar Singer, 2005. \u201cOn Luwians and Hittites.\u201d Bibliotheca Orientalis 62 (5): 444.  <\/cite>\n\t\t\t\t\t\t\t\t\t\t\t\t\t\t<\/div>\n\t\t\t\t\t<\/blockquote>\n\t\t\t\t\t\t<\/div>\n\t\t\t\t<\/div>\n\t\t\t\t<\/div>\n\t\t\t\t\t<\/div>\n\t\t\t\t<\/div>\n\t\t<div class=\"elementor-element elementor-element-310e7d2 e-flex e-con-boxed e-con e-parent\" data-id=\"310e7d2\" data-element_type=\"container\" data-e-type=\"container\" data-settings=\"{&quot;jet_parallax_layout_list&quot;:[]}\">\n\t\t\t\t\t<div class=\"e-con-inner\">\n\t\t<div class=\"elementor-element elementor-element-8270926 e-con-full e-flex e-con e-child\" data-id=\"8270926\" data-element_type=\"container\" data-e-type=\"container\" data-settings=\"{&quot;jet_parallax_layout_list&quot;:[]}\">\n\t\t<div class=\"elementor-element elementor-element-f1e813e e-con-full e-flex e-con e-child\" data-id=\"f1e813e\" data-element_type=\"container\" data-e-type=\"container\" data-settings=\"{&quot;jet_parallax_layout_list&quot;:[]}\">\n\t\t\t\t<div class=\"elementor-element elementor-element-01374a0 elementor-widget elementor-widget-image\" data-id=\"01374a0\" data-element_type=\"widget\" data-e-type=\"widget\" data-widget_type=\"image.default\">\n\t\t\t\t<div class=\"elementor-widget-container\">\n\t\t\t\t\t\t\t\t\t\t\t\t\t\t\t\t<a href=\"https:\/\/luwianstudies.org\/wp-content\/uploads\/0504_Troy-Seal_GAC-scaled.jpg\" data-elementor-open-lightbox=\"yes\" data-elementor-lightbox-description=\"The only document found so far in Troy is this small bronze seal from a Troy VIIb2 horizon with Luwian hieroglyphs identifying a scribe (\u00a9 Luwian Studies #0504)\" data-e-action-hash=\"#elementor-action%3Aaction%3Dlightbox%26settings%3DeyJpZCI6MTU5NTcsInVybCI6Imh0dHBzOlwvXC9sdXdpYW5zdHVkaWVzLm9yZ1wvd3AtY29udGVudFwvdXBsb2Fkc1wvMDUwNF9Ucm95LVNlYWxfR0FDLXNjYWxlZC5qcGcifQ%3D%3D\">\n\t\t\t\t\t\t\t<img decoding=\"async\" width=\"2048\" height=\"1134\" src=\"https:\/\/luwianstudies.org\/wp-content\/uploads\/0504_Troy-Seal_GAC-scaled.jpg\" class=\"attachment-large size-large wp-image-15957\" alt=\"\" srcset=\"https:\/\/luwianstudies.org\/wp-content\/uploads\/0504_Troy-Seal_GAC-scaled.jpg 2048w, https:\/\/luwianstudies.org\/wp-content\/uploads\/0504_Troy-Seal_GAC-768x426.jpg 768w, https:\/\/luwianstudies.org\/wp-content\/uploads\/0504_Troy-Seal_GAC-1536x851.jpg 1536w\" sizes=\"(max-width: 2048px) 100vw, 2048px\" \/>\t\t\t\t\t\t\t\t<\/a>\n\t\t\t\t\t\t\t\t\t\t\t\t\t\t\t<\/div>\n\t\t\t\t<\/div>\n\t\t\t\t<\/div>\n\t\t<div class=\"elementor-element elementor-element-bb89202 e-con-full e-flex e-con e-child\" data-id=\"bb89202\" data-element_type=\"container\" data-e-type=\"container\" data-settings=\"{&quot;jet_parallax_layout_list&quot;:[]}\">\n\t\t\t\t<div class=\"elementor-element elementor-element-4c8eb71 elementor-widget elementor-widget-text-editor\" data-id=\"4c8eb71\" data-element_type=\"widget\" data-e-type=\"widget\" data-widget_type=\"text-editor.default\">\n\t\t\t\t<div class=\"elementor-widget-container\">\n\t\t\t\t\t\t\t\t\t<p>\u015eu ana kadar Truva\u2019da bulunan tek belge, Truva VIIb2 katman\u0131na ait, \u00fczerinde bir k\u00e2tibi tan\u0131mlayan Luvi hiyeroglifleri bulunan bu k\u00fc\u00e7\u00fck bronz m\u00fch\u00fcrd\u00fcr. (\u00a9 Luwian Studies #0504)<\/p>\t\t\t\t\t\t\t\t<\/div>\n\t\t\t\t<\/div>\n\t\t\t\t<\/div>\n\t\t\t\t<\/div>\n\t\t\t\t\t<\/div>\n\t\t\t\t<\/div>\n\t\t<div class=\"elementor-element elementor-element-0d8e1bc e-flex e-con-boxed e-con e-parent\" data-id=\"0d8e1bc\" data-element_type=\"container\" data-e-type=\"container\" data-settings=\"{&quot;jet_parallax_layout_list&quot;:[]}\">\n\t\t\t\t\t<div class=\"e-con-inner\">\n\t\t\t\t<div class=\"elementor-element elementor-element-57a9f49 elementor-widget elementor-widget-text-editor\" data-id=\"57a9f49\" data-element_type=\"widget\" data-e-type=\"widget\" data-widget_type=\"text-editor.default\">\n\t\t\t\t<div class=\"elementor-widget-container\">\n\t\t\t\t\t\t\t\t\t<p>Luvilerin incelenmesi geleneksel tarih anlat\u0131lar\u0131na meydan okumaktad\u0131r. Uzun y\u0131llar boyunca tarih yaz\u0131m\u0131 Hititler, Mikenler ve M\u0131s\u0131rl\u0131lar gibi b\u00fcy\u00fck medeniyetlere odaklanm\u0131\u015f, Bat\u0131 Anadolu\u2019nun karma\u015f\u0131k toplumlar\u0131n\u0131 b\u00fcy\u00fck \u00f6l\u00e7\u00fcde g\u00f6z ard\u0131 etmi\u015ftir. Luvilerin Ge\u00e7 Tun\u00e7 \u00c7a\u011f\u0131\u2019nda kilit bir akt\u00f6r olarak tan\u0131nmas\u0131 merkezi imparatorluklar\u0131n yan\u0131 s\u0131ra, esnek ve diren\u00e7li \u015fehir devletleri a\u011flar\u0131n\u0131n da \u00f6nemli bir g\u00fc\u00e7 merkezi oldu\u011funu g\u00f6stererek, antik d\u00fcnyan\u0131n daha ba\u011flant\u0131l\u0131 bir karaktere sahip oldu\u011funu ortaya koymaktad\u0131r. <\/p><p>Bak\u0131\u015f a\u00e7\u0131s\u0131ndaki bu de\u011fi\u015fim tarihsel s\u00fcre\u00e7leri yorumlama bi\u00e7imimizi temelden de\u011fi\u015ftirir: Tarih, sadece b\u00fcy\u00fck devletlerin y\u00fckseli\u015fi ve \u00e7\u00f6k\u00fc\u015f\u00fcn\u00fc de\u011fil, k\u00fclt\u00fcrler, ticaret a\u011flar\u0131 ve yerel siyasi stratejiler aras\u0131ndaki dinamik etkile\u015fimleri ifade eder. Bu t\u00fcr i\u00e7g\u00f6r\u00fcler g\u00fcn\u00fcm\u00fczde de \u00f6nemlidir, \u00e7\u00fcnk\u00fc k\u00fc\u00e7\u00fck, ademi-merkeziyet\u00e7i toplumlar\u0131n d\u00fcnya tarihini \u015fekillendirmedeki rol\u00fcne yeni bir \u0131\u015f\u0131k tutmaktad\u0131r. <\/p>\t\t\t\t\t\t\t\t<\/div>\n\t\t\t\t<\/div>\n\t\t\t\t\t<\/div>\n\t\t\t\t<\/div>\n\t\t<div class=\"elementor-element elementor-element-acb0692 e-flex e-con-boxed e-con e-parent\" data-id=\"acb0692\" data-element_type=\"container\" data-e-type=\"container\" data-settings=\"{&quot;jet_parallax_layout_list&quot;:[]}\">\n\t\t\t\t\t<div class=\"e-con-inner\">\n\t\t<div class=\"elementor-element elementor-element-3462c3e e-con-full e-flex e-con e-child\" data-id=\"3462c3e\" data-element_type=\"container\" data-e-type=\"container\" data-settings=\"{&quot;jet_parallax_layout_list&quot;:[]}\">\n\t\t<div class=\"elementor-element elementor-element-f33ed73 e-con-full e-flex e-con e-child\" data-id=\"f33ed73\" data-element_type=\"container\" data-e-type=\"container\" data-settings=\"{&quot;jet_parallax_layout_list&quot;:[]}\">\n\t\t\t\t<div class=\"elementor-element elementor-element-9b7b26f elementor-widget elementor-widget-text-editor\" data-id=\"9b7b26f\" data-element_type=\"widget\" data-e-type=\"widget\" data-widget_type=\"text-editor.default\">\n\t\t\t\t<div class=\"elementor-widget-container\">\n\t\t\t\t\t\t\t\t\tFred Woudhuizen\u2019a g\u00f6re, Enkomi 1687 belgesi K\u0131br\u0131sl\u0131 bir amiralin yard\u0131m \u00e7a\u011fr\u0131s\u0131d\u0131r. (\u00a9 K\u0131br\u0131s Eski Eserler Dairesi\u2019nin nazik izniyle; Luwian Studies #0168)\t\t\t\t\t\t\t\t<\/div>\n\t\t\t\t<\/div>\n\t\t\t\t<\/div>\n\t\t<div class=\"elementor-element elementor-element-7cacce7 e-con-full e-flex e-con e-child\" data-id=\"7cacce7\" data-element_type=\"container\" data-e-type=\"container\" data-settings=\"{&quot;jet_parallax_layout_list&quot;:[]}\">\n\t\t\t\t<div class=\"elementor-element elementor-element-12bc00b elementor-widget elementor-widget-image\" data-id=\"12bc00b\" data-element_type=\"widget\" data-e-type=\"widget\" data-widget_type=\"image.default\">\n\t\t\t\t<div class=\"elementor-widget-container\">\n\t\t\t\t\t\t\t\t\t\t\t\t\t\t\t\t<a href=\"https:\/\/luwianstudies.org\/wp-content\/uploads\/0168_Enkomi_1687.jpg\" data-elementor-open-lightbox=\"yes\" data-elementor-lightbox-description=\"Document Enkomi 1687 is a call for help from a Cypriot nauarch according to Fred Woudhuizen (with kind permission by the \u00a9 Department of Antiquities Cyprus; Luwian Studies #0168)\" data-e-action-hash=\"#elementor-action%3Aaction%3Dlightbox%26settings%3DeyJpZCI6MTYxMTksInVybCI6Imh0dHBzOlwvXC9sdXdpYW5zdHVkaWVzLm9yZ1wvd3AtY29udGVudFwvdXBsb2Fkc1wvMDE2OF9FbmtvbWlfMTY4Ny5qcGcifQ%3D%3D\">\n\t\t\t\t\t\t\t<img decoding=\"async\" width=\"2000\" height=\"2145\" src=\"https:\/\/luwianstudies.org\/wp-content\/uploads\/0168_Enkomi_1687.jpg\" class=\"attachment-large size-large wp-image-16119\" alt=\"\" srcset=\"https:\/\/luwianstudies.org\/wp-content\/uploads\/0168_Enkomi_1687.jpg 2000w, https:\/\/luwianstudies.org\/wp-content\/uploads\/0168_Enkomi_1687-768x824.jpg 768w, https:\/\/luwianstudies.org\/wp-content\/uploads\/0168_Enkomi_1687-1432x1536.jpg 1432w, https:\/\/luwianstudies.org\/wp-content\/uploads\/0168_Enkomi_1687-1910x2048.jpg 1910w\" sizes=\"(max-width: 2000px) 100vw, 2000px\" \/>\t\t\t\t\t\t\t\t<\/a>\n\t\t\t\t\t\t\t\t\t\t\t\t\t\t\t<\/div>\n\t\t\t\t<\/div>\n\t\t\t\t<\/div>\n\t\t\t\t<\/div>\n\t\t\t\t\t<\/div>\n\t\t\t\t<\/div>\n\t\t<div class=\"elementor-element elementor-element-53f0ecb e-flex e-con-boxed e-con e-parent\" data-id=\"53f0ecb\" data-element_type=\"container\" data-e-type=\"container\" data-settings=\"{&quot;jet_parallax_layout_list&quot;:[]}\">\n\t\t\t\t\t<div class=\"e-con-inner\">\n\t\t\t\t<div class=\"elementor-element elementor-element-17c8b29 elementor-widget elementor-widget-text-editor\" data-id=\"17c8b29\" data-element_type=\"widget\" data-e-type=\"widget\" data-widget_type=\"text-editor.default\">\n\t\t\t\t<div class=\"elementor-widget-container\">\n\t\t\t\t\t\t\t\t\t<p>Luvilerle ilgili ara\u015ft\u0131rmalar\u0131n en ilgin\u00e7 y\u00f6nlerinden biri, \u00e7\u00f6z\u00fclememi\u015f arkeolojik gizemleri ayd\u0131nlatma potansiyelidir. M\u00d6 1200\u2019den hemen sonra Tun\u00e7 \u00c7a\u011f\u0131 medeniyetlerinin \u00e7\u00f6k\u00fc\u015f\u00fc, h\u00e2l\u00e2 yo\u011fun tart\u0131\u015fmalara konu olmaktad\u0131r. Farkl\u0131 teoriler bu \u00e7\u00f6k\u00fc\u015f\u00fcn nedenlerini iklim de\u011fi\u015fikli\u011fi, depremler veya Deniz Kavimleri\u2019nin istilalar\u0131 ile a\u00e7\u0131klamaya \u00e7al\u0131\u015fmaktad\u0131r. Luwian Studies olarak, Luvi dili konu\u015fan gruplar\u0131n bu \u00e7alkant\u0131l\u0131 d\u00f6nemde belirleyici bir rol oynad\u0131\u011f\u0131n\u0131 varsay\u0131yoruz \u2013 hem istilalara aktif kat\u0131l\u0131mc\u0131lar olarak, hem de misilleme sald\u0131r\u0131lar\u0131n\u0131n ma\u011fdurlar\u0131 olarak&#8230; Bu bak\u0131\u015f a\u00e7\u0131s\u0131, Tun\u00e7 \u00c7a\u011f\u0131\u2019n\u0131n sonunu ve Demir \u00c7a\u011f\u0131\u2019na ge\u00e7i\u015f s\u00fcrecini daha iyi anlamak i\u00e7in yeni ufuklar a\u00e7maktad\u0131r.   <\/p>\t\t\t\t\t\t\t\t<\/div>\n\t\t\t\t<\/div>\n\t\t\t\t\t<\/div>\n\t\t\t\t<\/div>\n\t\t<div class=\"elementor-element elementor-element-178e3d9 e-flex e-con-boxed e-con e-parent\" data-id=\"178e3d9\" data-element_type=\"container\" data-e-type=\"container\" data-settings=\"{&quot;jet_parallax_layout_list&quot;:[]}\">\n\t\t\t\t\t<div class=\"e-con-inner\">\n\t\t<div class=\"elementor-element elementor-element-079b69e e-con-full e-flex e-con e-child\" data-id=\"079b69e\" data-element_type=\"container\" data-e-type=\"container\" data-settings=\"{&quot;jet_parallax_layout_list&quot;:[]}\">\n\t\t\t\t<div class=\"elementor-element elementor-element-e09071e elementor-blockquote--skin-quotation elementor-blockquote--align-left elementor-widget__width-initial elementor-widget elementor-widget-blockquote\" data-id=\"e09071e\" data-element_type=\"widget\" data-e-type=\"widget\" data-widget_type=\"blockquote.default\">\n\t\t\t\t<div class=\"elementor-widget-container\">\n\t\t\t\t\t\t\t<blockquote class=\"elementor-blockquote\">\n\t\t\t<p class=\"elementor-blockquote__content\">\n\t\t\t\tHatti \u0130mparatorlu\u011fu'nu yok eden ger\u00e7ekten de deniz halklar\u0131d\u0131r... Ve onlar\u0131n memleketi bence kuzeybat\u0131 Anadolu'da aranmal\u0131d\u0131r.\t\t\t<\/p>\n\t\t\t\t\t\t\t<div class=\"e-q-footer\">\n\t\t\t\t\t\t\t\t\t\t\t<cite class=\"elementor-blockquote__author\">Emil Forrer, 1932. Die hethitische Bilderschrift. Studies in Ancient Oriental Civilizations. Chicago: The University of Chicago Press; sayfa 58.   <\/cite>\n\t\t\t\t\t\t\t\t\t\t\t\t\t\t<\/div>\n\t\t\t\t\t<\/blockquote>\n\t\t\t\t\t\t<\/div>\n\t\t\t\t<\/div>\n\t\t\t\t<\/div>\n\t\t\t\t\t<\/div>\n\t\t\t\t<\/div>\n\t\t<div class=\"elementor-element elementor-element-66b1f5d e-flex e-con-boxed e-con e-parent\" data-id=\"66b1f5d\" data-element_type=\"container\" data-e-type=\"container\" data-settings=\"{&quot;jet_parallax_layout_list&quot;:[]}\">\n\t\t\t\t\t<div class=\"e-con-inner\">\n\t\t<div class=\"elementor-element elementor-element-6f3fc65 e-con-full e-flex e-con e-child\" data-id=\"6f3fc65\" data-element_type=\"container\" data-e-type=\"container\" data-settings=\"{&quot;jet_parallax_layout_list&quot;:[]}\">\n\t\t<div class=\"elementor-element elementor-element-b03cc2b e-con-full e-flex e-con e-child\" data-id=\"b03cc2b\" data-element_type=\"container\" data-e-type=\"container\" data-settings=\"{&quot;jet_parallax_layout_list&quot;:[]}\">\n\t\t\t\t<div class=\"elementor-element elementor-element-3c9e91c elementor-widget elementor-widget-image\" data-id=\"3c9e91c\" data-element_type=\"widget\" data-e-type=\"widget\" data-widget_type=\"image.default\">\n\t\t\t\t<div class=\"elementor-widget-container\">\n\t\t\t\t\t\t\t\t\t\t\t\t\t\t\t\t<a href=\"https:\/\/luwianstudies.org\/wp-content\/uploads\/6027_Beykoy_2_pencil_drawing.jpg\" data-elementor-open-lightbox=\"yes\" data-elementor-lightbox-description=\"James Mellaart\u2019s pencil drawing of a sheet of the Luwian hieroglyphic inscription Beyk\u00f6y 2 describes the invasions (commonly attributed to the Sea Peoples) as organized by Kupantakuruntas, the Luwian Great King of Mira. Accordingly, four princes commanded the naval forces: Muksus, Kulanamuwas, Tuwatas and Piyakuruntas \u2013 with the most important leader (Muksus) coming from the region near Troy (\u00a9 Luwian Studies #6027)\" data-e-action-hash=\"#elementor-action%3Aaction%3Dlightbox%26settings%3DeyJpZCI6MTYxMzksInVybCI6Imh0dHBzOlwvXC9sdXdpYW5zdHVkaWVzLm9yZ1wvd3AtY29udGVudFwvdXBsb2Fkc1wvNjAyN19CZXlrb3lfMl9wZW5jaWxfZHJhd2luZy5qcGcifQ%3D%3D\">\n\t\t\t\t\t\t\t<img loading=\"lazy\" decoding=\"async\" width=\"2000\" height=\"1333\" src=\"https:\/\/luwianstudies.org\/wp-content\/uploads\/6027_Beykoy_2_pencil_drawing.jpg\" class=\"attachment-large size-large wp-image-16139\" alt=\"\" srcset=\"https:\/\/luwianstudies.org\/wp-content\/uploads\/6027_Beykoy_2_pencil_drawing.jpg 2000w, https:\/\/luwianstudies.org\/wp-content\/uploads\/6027_Beykoy_2_pencil_drawing-768x512.jpg 768w, https:\/\/luwianstudies.org\/wp-content\/uploads\/6027_Beykoy_2_pencil_drawing-1536x1024.jpg 1536w\" sizes=\"(max-width: 2000px) 100vw, 2000px\" \/>\t\t\t\t\t\t\t\t<\/a>\n\t\t\t\t\t\t\t\t\t\t\t\t\t\t\t<\/div>\n\t\t\t\t<\/div>\n\t\t\t\t<\/div>\n\t\t<div class=\"elementor-element elementor-element-d47072b e-con-full e-flex e-con e-child\" data-id=\"d47072b\" data-element_type=\"container\" data-e-type=\"container\" data-settings=\"{&quot;jet_parallax_layout_list&quot;:[]}\">\n\t\t\t\t<div class=\"elementor-element elementor-element-4ffcc94 elementor-widget elementor-widget-text-editor\" data-id=\"4ffcc94\" data-element_type=\"widget\" data-e-type=\"widget\" data-widget_type=\"text-editor.default\">\n\t\t\t\t<div class=\"elementor-widget-container\">\n\t\t\t\t\t\t\t\t\tJames Mellaart\u2019\u0131n Beyk\u00f6y 2 Luvi hiyeroglif yaz\u0131t\u0131na ait sayfalardan birinin kur\u015fun kalem \u00e7izimi. Beyk\u00f6y 2 genellikle Deniz Kavimlerine atfedilen istilalar\u0131n, Mira\u2019n\u0131n Luvi B\u00fcy\u00fck Kral\u0131 Kupantakuruntas taraf\u0131ndan organize edildi\u011fini anlatmaktad\u0131r. Buna g\u00f6re, d\u00f6rt prens deniz kuvvetlerine komuta etmi\u015ftir: Muksus, Kulanamuwas, Tuwatas ve Piyakuruntas. En \u00f6nemli lider olan Muksus Truva yak\u0131nlar\u0131ndaki b\u00f6lgeden gelmektedir. (\u00a9 Luwian Studies #6027) \t\t\t\t\t\t\t\t<\/div>\n\t\t\t\t<\/div>\n\t\t\t\t<\/div>\n\t\t\t\t<\/div>\n\t\t\t\t\t<\/div>\n\t\t\t\t<\/div>\n\t\t<div class=\"elementor-element elementor-element-0106263 e-flex e-con-boxed e-con e-parent\" data-id=\"0106263\" data-element_type=\"container\" data-e-type=\"container\" data-settings=\"{&quot;jet_parallax_layout_list&quot;:[]}\">\n\t\t\t\t\t<div class=\"e-con-inner\">\n\t\t\t\t<div class=\"elementor-element elementor-element-86f956b elementor-widget elementor-widget-heading\" data-id=\"86f956b\" data-element_type=\"widget\" data-e-type=\"widget\" data-widget_type=\"heading.default\">\n\t\t\t\t<div class=\"elementor-widget-container\">\n\t\t\t\t\t<h3 class=\"elementor-heading-title elementor-size-default\">Luviler Tun\u00e7 \u00c7a\u011f\u0131 \u00c7\u00f6k\u00fc\u015f\u00fcnden Neden Sa\u011f \u00c7\u0131kt\u0131?<\/h3>\t\t\t\t<\/div>\n\t\t\t\t<\/div>\n\t\t\t\t<div class=\"elementor-element elementor-element-c49fa4b elementor-widget elementor-widget-text-editor\" data-id=\"c49fa4b\" data-element_type=\"widget\" data-e-type=\"widget\" data-widget_type=\"text-editor.default\">\n\t\t\t\t<div class=\"elementor-widget-container\">\n\t\t\t\t\t\t\t\t\t<p>Luviler \u00e7alkant\u0131l\u0131 d\u00f6nemlerde k\u00fclt\u00fcrel uyum ve hayatta kalma konusunda \u00e7arp\u0131c\u0131 bir \u00f6rnek sunmaktad\u0131r. Hititler ve Mikenler gibi \u00e7a\u011fda\u015flar\u0131, merkezi devletlerinin \u00e7\u00f6k\u00fc\u015f\u00fcyle birlikte Tun\u00e7 \u00c7a\u011f\u0131\u2019n\u0131n sonunda yok olurken, Luviler ola\u011fan\u00fcst\u00fc bir diren\u00e7 g\u00f6stermi\u015ftir. Hititler ve M\u0131s\u0131rl\u0131lar\u0131n aksine, Luviler hi\u00e7bir zaman tek bir merkezi devlet \u00e7at\u0131s\u0131 alt\u0131nda \u00f6rg\u00fctlenmemi\u015ftir. Bunun yerine, \u015fehir devletleri ve b\u00f6lgesel prensliklerden olu\u015fan esnek a\u011flar kurarak varl\u0131klar\u0131n\u0131 s\u00fcrd\u00fcrm\u00fc\u015flerdir. Dilleri, dini uygulamalar\u0131 ve sanatsal geleneklerinin unsurlar\u0131, Tun\u00e7 \u00c7a\u011f\u0131\u2019n\u0131n \u00e7\u00f6k\u00fc\u015f\u00fcnden sonra da varl\u0131\u011f\u0131n\u0131 korumu\u015f ve Demir \u00c7a\u011f\u0131\u2019na kadar ya\u015famaya devam etmi\u015ftir. Daha sonraki Lidya ve Karya gibi Anadolu krall\u0131klar\u0131, Luvi k\u00fclt\u00fcr\u00fcn\u00fcn bir\u00e7ok unsurunu benimseyerek bu miras\u0131 devam ettirdiler.    <\/p><p>Bu diren\u00e7, k\u00fclt\u00fcrel esneklik ve yerel uyum sa\u011flama becerisinin \u00f6nemini vurgulamaktad\u0131r \u2013 ki bu nitelikler, g\u00fcn\u00fcm\u00fcz\u00fcn h\u0131zla de\u011fi\u015fen d\u00fcnyas\u0131nda da b\u00fcy\u00fck \u00f6nem ta\u015f\u0131maktad\u0131r. Ekonomik ve \u00e7evresel zorluklar\u0131n artt\u0131\u011f\u0131 d\u00f6nemlerde, Luvi miras\u0131 bize direncin yaln\u0131zca merkezi yap\u0131lar\u0131n g\u00fcc\u00fcne de\u011fil, ayn\u0131 zamanda de\u011fi\u015fime yarat\u0131c\u0131 bi\u00e7imde yan\u0131t verme ve gelenekleri yeni ba\u011flamlara aktarma yetene\u011fine de ba\u011fl\u0131 oldu\u011funu g\u00f6stermektedir.  Luvilerin tarihi, s\u00fcrd\u00fcr\u00fclebilir hayatta kalman\u0131n \u00e7o\u011fu zaman uyum sa\u011flama, \u00e7e\u015fitlilik ve \u00e2dem-i merkeziyete dayand\u0131\u011f\u0131n\u0131 ortaya koymaktad\u0131r \u2014 ve bu ilkeler, modern toplumlar i\u00e7in de b\u00fcy\u00fck \u00f6l\u00e7\u00fcde ge\u00e7erlili\u011fini korumaktad\u0131r.<\/p>\t\t\t\t\t\t\t\t<\/div>\n\t\t\t\t<\/div>\n\t\t\t\t\t<\/div>\n\t\t\t\t<\/div>\n\t\t<div class=\"elementor-element elementor-element-55dd68b e-flex e-con-boxed e-con e-parent\" data-id=\"55dd68b\" data-element_type=\"container\" data-e-type=\"container\" data-settings=\"{&quot;jet_parallax_layout_list&quot;:[]}\">\n\t\t\t\t\t<div class=\"e-con-inner\">\n\t\t<div class=\"elementor-element elementor-element-65581c0 e-con-full e-flex e-con e-child\" data-id=\"65581c0\" data-element_type=\"container\" data-e-type=\"container\" data-settings=\"{&quot;jet_parallax_layout_list&quot;:[]}\">\n\t\t<div class=\"elementor-element elementor-element-3be510d e-con-full e-flex e-con e-child\" data-id=\"3be510d\" data-element_type=\"container\" data-e-type=\"container\" data-settings=\"{&quot;jet_parallax_layout_list&quot;:[]}\">\n\t\t\t\t<div class=\"elementor-element elementor-element-a145234 elementor-widget elementor-widget-text-editor\" data-id=\"a145234\" data-element_type=\"widget\" data-e-type=\"widget\" data-widget_type=\"text-editor.default\">\n\t\t\t\t<div class=\"elementor-widget-container\">\n\t\t\t\t\t\t\t\t\t<p>Medinet Habu\u2019daki III. Ramses\u2019in mezar tap\u0131na\u011f\u0131n\u0131n birinci pilonunda ele ge\u00e7irilen Tjekker Deniz Kavimleri\u2019ne ait yaz\u0131tlar (\u00a9 Luwian Studies #4002)<\/p>\t\t\t\t\t\t\t\t<\/div>\n\t\t\t\t<\/div>\n\t\t\t\t<\/div>\n\t\t<div class=\"elementor-element elementor-element-6aa599a e-con-full e-flex e-con e-child\" data-id=\"6aa599a\" data-element_type=\"container\" data-e-type=\"container\" data-settings=\"{&quot;jet_parallax_layout_list&quot;:[]}\">\n\t\t\t\t<div class=\"elementor-element elementor-element-3df1dc6 elementor-widget elementor-widget-image\" data-id=\"3df1dc6\" data-element_type=\"widget\" data-e-type=\"widget\" data-widget_type=\"image.default\">\n\t\t\t\t<div class=\"elementor-widget-container\">\n\t\t\t\t\t\t\t\t\t\t\t\t\t\t\t\t<a href=\"https:\/\/luwianstudies.org\/wp-content\/uploads\/4002_Sea_Peoples_inscriptions.jpg\" data-elementor-open-lightbox=\"yes\" data-elementor-lightbox-description=\"Captured Tekker Sea Peoples\u2018 inscriptions in the first pylon of the mortuary temple of Ramesses III in Medinet Habu (\u00a9 Luwian Studies #4002)\" data-e-action-hash=\"#elementor-action%3Aaction%3Dlightbox%26settings%3DeyJpZCI6MTYxMzUsInVybCI6Imh0dHBzOlwvXC9sdXdpYW5zdHVkaWVzLm9yZ1wvd3AtY29udGVudFwvdXBsb2Fkc1wvNDAwMl9TZWFfUGVvcGxlc19pbnNjcmlwdGlvbnMuanBnIn0%3D\">\n\t\t\t\t\t\t\t<img loading=\"lazy\" decoding=\"async\" width=\"1536\" height=\"1024\" src=\"https:\/\/luwianstudies.org\/wp-content\/uploads\/4002_Sea_Peoples_inscriptions.jpg\" class=\"attachment-large size-large wp-image-16135\" alt=\"\" srcset=\"https:\/\/luwianstudies.org\/wp-content\/uploads\/4002_Sea_Peoples_inscriptions.jpg 1536w, https:\/\/luwianstudies.org\/wp-content\/uploads\/4002_Sea_Peoples_inscriptions-768x512.jpg 768w\" sizes=\"(max-width: 1536px) 100vw, 1536px\" \/>\t\t\t\t\t\t\t\t<\/a>\n\t\t\t\t\t\t\t\t\t\t\t\t\t\t\t<\/div>\n\t\t\t\t<\/div>\n\t\t\t\t<\/div>\n\t\t\t\t<\/div>\n\t\t\t\t\t<\/div>\n\t\t\t\t<\/div>\n\t\t<div class=\"elementor-element elementor-element-6b641f5 e-flex e-con-boxed e-con e-parent\" data-id=\"6b641f5\" data-element_type=\"container\" data-e-type=\"container\" data-settings=\"{&quot;jet_parallax_layout_list&quot;:[]}\">\n\t\t\t\t\t<div class=\"e-con-inner\">\n\t\t\t\t<div class=\"elementor-element elementor-element-b100b3c elementor-widget elementor-widget-heading\" data-id=\"b100b3c\" data-element_type=\"widget\" data-e-type=\"widget\" data-widget_type=\"heading.default\">\n\t\t\t\t<div class=\"elementor-widget-container\">\n\t\t\t\t\t<h3 class=\"elementor-heading-title elementor-size-default\">Bat\u0131 Anadolu Neden Hala Bir\u00e7ok S\u0131r Bar\u0131nd\u0131r\u0131yor?<\/h3>\t\t\t\t<\/div>\n\t\t\t\t<\/div>\n\t\t\t\t<div class=\"elementor-element elementor-element-bb2eca7 elementor-widget elementor-widget-text-editor\" data-id=\"bb2eca7\" data-element_type=\"widget\" data-e-type=\"widget\" data-widget_type=\"text-editor.default\">\n\t\t\t\t<div class=\"elementor-widget-container\">\n\t\t\t\t\t\t\t\t\t<p>Luvilerin miras\u0131 akademik \u00e7al\u0131\u015fmalar\u0131n \u00f6tesine ge\u00e7erek, g\u00fcn\u00fcm\u00fcz kimlik alg\u0131s\u0131n\u0131 ve k\u00fclt\u00fcrel miras\u0131n korunmas\u0131n\u0131 da etkilemektedir. Bat\u0131 Anadolu Luvi k\u00fclt\u00fcr\u00fcn\u00fcn merkezi olmas\u0131na ra\u011fmen, arkeolojik a\u00e7\u0131dan nispeten az ara\u015ft\u0131r\u0131lm\u0131\u015f bir b\u00f6lge olarak kalm\u0131\u015ft\u0131r ve gelecekte yap\u0131lacak ke\u015fifler i\u00e7in b\u00fcy\u00fck bir potansiyel bar\u0131nd\u0131rmaktad\u0131r. Luvilerin \u00f6neminin kabul edilmesi kaz\u0131 \u00e7al\u0131\u015fmalar\u0131n\u0131, k\u00fclt\u00fcrel miras\u0131n korunmas\u0131n\u0131 ve b\u00f6lgesel akademik ara\u015ft\u0131rmalara yap\u0131lan yat\u0131r\u0131mlar\u0131 te\u015fvik ederek, bu antik topluluklar\u0131n seslerinin unutulmamas\u0131n\u0131 sa\u011flamaktad\u0131r.  <\/p><p>Ayr\u0131ca, Luvilerin yeniden de\u011ferlendirilmesi, modern ulusal ve b\u00f6lgesel kimliklerin yeniden bi\u00e7imlendirilmesinde merkezi bir rol oynamaktad\u0131r. Bu s\u00fcre\u00e7, Anadolu\u2019nun ge\u00e7mi\u015finin yaln\u0131zca daha sonraki Greko-Romen etkileriyle tan\u0131mlanamayaca\u011f\u0131n\u0131, \u00e7ok daha eski ve \u00e7e\u015fitli bir k\u00fclt\u00fcrel miras\u0131 kapsad\u0131\u011f\u0131n\u0131 a\u00e7\u0131k\u00e7a ortaya koymaktad\u0131r. Luvi k\u00fclt\u00fcr\u00fcn\u00fcn tan\u0131nmas\u0131, tarihsel anlay\u0131\u015f\u0131m\u0131zdaki \u00f6nemli bo\u015fluklar\u0131 doldurmaya yard\u0131mc\u0131 olmakta ve Luvileri antik uygarl\u0131klar tart\u0131\u015fmas\u0131n\u0131n temel akt\u00f6rlerinden biri olarak ele alarak, Akdeniz arkeolojisinin yeniden de\u011ferlendirilmesini m\u00fcmk\u00fcn k\u0131lmaktad\u0131r. Bu bak\u0131\u015f a\u00e7\u0131s\u0131ndaki de\u011fi\u015fim, Tun\u00e7 \u00c7a\u011f\u0131\u2019n\u0131 ve sonras\u0131n\u0131 \u015fekillendiren g\u00fc\u00e7leri daha ayr\u0131nt\u0131l\u0131 ve kapsay\u0131c\u0131 bir \u015fekilde anlamam\u0131z\u0131 sa\u011flar. Ayn\u0131 zamanda, Anadolu\u2019nun yaln\u0131zca bir ge\u00e7i\u015f b\u00f6lgesi de\u011fil, ba\u015fl\u0131 ba\u015f\u0131na bir k\u00fclt\u00fcrel yenilik merkezi oldu\u011funu da g\u00f6zler \u00f6n\u00fcne sermektedir.    <\/p>\t\t\t\t\t\t\t\t<\/div>\n\t\t\t\t<\/div>\n\t\t\t\t\t<\/div>\n\t\t\t\t<\/div>\n\t\t<div class=\"elementor-element elementor-element-c3b9551 e-flex e-con-boxed e-con e-parent\" data-id=\"c3b9551\" data-element_type=\"container\" data-e-type=\"container\" data-settings=\"{&quot;jet_parallax_layout_list&quot;:[]}\">\n\t\t\t\t\t<div class=\"e-con-inner\">\n\t\t<div class=\"elementor-element elementor-element-af5c906 e-con-full e-flex e-con e-child\" data-id=\"af5c906\" data-element_type=\"container\" data-e-type=\"container\" data-settings=\"{&quot;jet_parallax_layout_list&quot;:[]}\">\n\t\t\t\t<div class=\"elementor-element elementor-element-fbdb0f2 elementor-blockquote--skin-quotation elementor-blockquote--align-left elementor-widget__width-initial elementor-widget elementor-widget-blockquote\" data-id=\"fbdb0f2\" data-element_type=\"widget\" data-e-type=\"widget\" data-widget_type=\"blockquote.default\">\n\t\t\t\t<div class=\"elementor-widget-container\">\n\t\t\t\t\t\t\t<blockquote class=\"elementor-blockquote\">\n\t\t\t<p class=\"elementor-blockquote__content\">\n\t\t\t\tGer\u00e7ekten de, M\u0131s\u0131r kay\u0131tlar\u0131nda yer alan t\u00fcm gruplar\u0131n [deniz kavimleri] Anadolu\u2019dan, \u00f6zellikle de Bat\u0131 Anadolu\u2019dan gelmi\u015f olmalar\u0131 olduk\u00e7a m\u00fcmk\u00fcnd\u00fcr.\t\t\t<\/p>\n\t\t\t\t\t\t\t<div class=\"e-q-footer\">\n\t\t\t\t\t\t\t\t\t\t\t<cite class=\"elementor-blockquote__author\">Trevor R. Bryce, 2005. The Kingdom of the Hittites. Oxford: Oxford University Press; sayfa 338.  <\/cite>\n\t\t\t\t\t\t\t\t\t\t\t\t\t\t<\/div>\n\t\t\t\t\t<\/blockquote>\n\t\t\t\t\t\t<\/div>\n\t\t\t\t<\/div>\n\t\t\t\t<\/div>\n\t\t\t\t\t<\/div>\n\t\t\t\t<\/div>\n\t\t<div class=\"elementor-element elementor-element-c30093a e-flex e-con-boxed e-con e-parent\" data-id=\"c30093a\" data-element_type=\"container\" data-e-type=\"container\" data-settings=\"{&quot;jet_parallax_layout_list&quot;:[]}\">\n\t\t\t\t\t<div class=\"e-con-inner\">\n\t\t<div class=\"elementor-element elementor-element-29f8f49 e-con-full e-flex e-con e-child\" data-id=\"29f8f49\" data-element_type=\"container\" data-e-type=\"container\" data-settings=\"{&quot;jet_parallax_layout_list&quot;:[]}\">\n\t\t<div class=\"elementor-element elementor-element-85d0ba4 e-con-full e-flex e-con e-child\" data-id=\"85d0ba4\" data-element_type=\"container\" data-e-type=\"container\" data-settings=\"{&quot;jet_parallax_layout_list&quot;:[]}\">\n\t\t\t\t<div class=\"elementor-element elementor-element-fc1a38a elementor-widget elementor-widget-image\" data-id=\"fc1a38a\" data-element_type=\"widget\" data-e-type=\"widget\" data-widget_type=\"image.default\">\n\t\t\t\t<div class=\"elementor-widget-container\">\n\t\t\t\t\t\t\t\t\t\t\t\t\t\t\t\t<a href=\"https:\/\/luwianstudies.org\/wp-content\/uploads\/4022_Sherden_warrior.jpg\" data-elementor-open-lightbox=\"yes\" data-elementor-lightbox-description=\"Artist\u2019s reconstruction of a Shardana warrior (\u00a9 Rosemary Robertson; Luwian Studies #4022)\" data-e-action-hash=\"#elementor-action%3Aaction%3Dlightbox%26settings%3DeyJpZCI6MTYxMzcsInVybCI6Imh0dHBzOlwvXC9sdXdpYW5zdHVkaWVzLm9yZ1wvd3AtY29udGVudFwvdXBsb2Fkc1wvNDAyMl9TaGVyZGVuX3dhcnJpb3IuanBnIn0%3D\">\n\t\t\t\t\t\t\t<img loading=\"lazy\" decoding=\"async\" width=\"1485\" height=\"2000\" src=\"https:\/\/luwianstudies.org\/wp-content\/uploads\/4022_Sherden_warrior.jpg\" class=\"attachment-large size-large wp-image-16137\" alt=\"\" srcset=\"https:\/\/luwianstudies.org\/wp-content\/uploads\/4022_Sherden_warrior.jpg 1485w, https:\/\/luwianstudies.org\/wp-content\/uploads\/4022_Sherden_warrior-768x1034.jpg 768w, https:\/\/luwianstudies.org\/wp-content\/uploads\/4022_Sherden_warrior-1140x1536.jpg 1140w\" sizes=\"(max-width: 1485px) 100vw, 1485px\" \/>\t\t\t\t\t\t\t\t<\/a>\n\t\t\t\t\t\t\t\t\t\t\t\t\t\t\t<\/div>\n\t\t\t\t<\/div>\n\t\t\t\t<\/div>\n\t\t<div class=\"elementor-element elementor-element-b725e79 e-con-full e-flex e-con e-child\" data-id=\"b725e79\" data-element_type=\"container\" data-e-type=\"container\" data-settings=\"{&quot;jet_parallax_layout_list&quot;:[]}\">\n\t\t\t\t<div class=\"elementor-element elementor-element-767f1c7 elementor-widget elementor-widget-text-editor\" data-id=\"767f1c7\" data-element_type=\"widget\" data-e-type=\"widget\" data-widget_type=\"text-editor.default\">\n\t\t\t\t<div class=\"elementor-widget-container\">\n\t\t\t\t\t\t\t\t\tShardana sava\u015f\u00e7\u0131s\u0131n\u0131n sanat\u00e7\u0131 taraf\u0131ndan yap\u0131lm\u0131\u015f rekonstr\u00fcksiyonu (\u00a9 Rosemary Robertson; Luwian Studies #4022)\t\t\t\t\t\t\t\t<\/div>\n\t\t\t\t<\/div>\n\t\t\t\t<\/div>\n\t\t\t\t<\/div>\n\t\t\t\t\t<\/div>\n\t\t\t\t<\/div>\n\t\t\t\t<\/div>\n\t\t","protected":false},"excerpt":{"rendered":"<p>Luviler Bug\u00fcn Neden \u00d6nemli? Tun\u00e7 \u00c7a\u011f\u0131\u2019n\u0131n Anlat\u0131s\u0131n\u0131 Yeniden Yazmak K\u0131br\u0131sl\u0131 bir amiral M\u00d6 1192 civar\u0131nda, Limyra liman\u0131nda, Enkomi kral\u0131na g\u00f6nderece\u011fi mektubu yazd\u0131r\u0131yor (sanat\u00e7\u0131 Joe Rohrer\u2019in rekonstr\u00fcks\u00fcyonu \u00a9 Luwian Studies #0313) Luviler Uzun S\u00fcre G\u00f6z Ard\u0131 Edildi Luviler modern akademik \u00e7al\u0131\u015fmalarda, uzun s\u00fcre boyunca daha iyi belgelenmi\u015f kom\u015fular\u0131 olan Hititler ve Mikenler taraf\u0131ndan g\u00f6lgede b\u0131rak\u0131lm\u0131\u015ft\u0131r. Bu [&hellip;]<\/p>\n","protected":false},"author":7,"featured_media":0,"parent":20463,"menu_order":0,"comment_status":"closed","ping_status":"closed","template":"","meta":{"iawp_total_views":236,"footnotes":""},"class_list":["post-16313","page","type-page","status-publish","hentry"],"_links":{"self":[{"href":"https:\/\/luwianstudies.org\/tr\/wp-json\/wp\/v2\/pages\/16313","targetHints":{"allow":["GET"]}}],"collection":[{"href":"https:\/\/luwianstudies.org\/tr\/wp-json\/wp\/v2\/pages"}],"about":[{"href":"https:\/\/luwianstudies.org\/tr\/wp-json\/wp\/v2\/types\/page"}],"author":[{"embeddable":true,"href":"https:\/\/luwianstudies.org\/tr\/wp-json\/wp\/v2\/users\/7"}],"replies":[{"embeddable":true,"href":"https:\/\/luwianstudies.org\/tr\/wp-json\/wp\/v2\/comments?post=16313"}],"version-history":[{"count":19,"href":"https:\/\/luwianstudies.org\/tr\/wp-json\/wp\/v2\/pages\/16313\/revisions"}],"predecessor-version":[{"id":23365,"href":"https:\/\/luwianstudies.org\/tr\/wp-json\/wp\/v2\/pages\/16313\/revisions\/23365"}],"up":[{"embeddable":true,"href":"https:\/\/luwianstudies.org\/tr\/wp-json\/wp\/v2\/pages\/20463"}],"wp:attachment":[{"href":"https:\/\/luwianstudies.org\/tr\/wp-json\/wp\/v2\/media?parent=16313"}],"curies":[{"name":"wp","href":"https:\/\/api.w.org\/{rel}","templated":true}]}}